{"version":"1.0","provider_name":"Santos Ochoa Logro\u00f1o","provider_url":"https:\/\/blogs.santosochoa.es\/logrono","author_name":"Santos Ochoa Logro\u00f1o","author_url":"https:\/\/blogs.santosochoa.es\/logrono\/author\/sologrono\/","title":"Aplazada la presentaci\u00f3n de Alberto Ib\u00e1\u00f1ez - Santos Ochoa Logro\u00f1o","type":"rich","width":600,"height":338,"html":"<blockquote class=\"wp-embedded-content\" data-secret=\"y64hlpvJZH\"><a href=\"https:\/\/blogs.santosochoa.es\/logrono\/aplazada-la-presentacion-de-alberto-ibanez\/\">Aplazada la presentaci\u00f3n de Alberto Ib\u00e1\u00f1ez<\/a><\/blockquote><iframe sandbox=\"allow-scripts\" security=\"restricted\" src=\"https:\/\/blogs.santosochoa.es\/logrono\/aplazada-la-presentacion-de-alberto-ibanez\/embed\/#?secret=y64hlpvJZH\" width=\"600\" height=\"338\" title=\"\u00abAplazada la presentaci\u00f3n de Alberto Ib\u00e1\u00f1ez\u00bb \u2014 Santos Ochoa Logro\u00f1o\" data-secret=\"y64hlpvJZH\" frameborder=\"0\" marginwidth=\"0\" marginheight=\"0\" scrolling=\"no\" class=\"wp-embedded-content\"><\/iframe><script type=\"text\/javascript\">\n\/* <![CDATA[ *\/\n\/*! This file is auto-generated *\/\n!function(d,l){\"use strict\";l.querySelector&&d.addEventListener&&\"undefined\"!=typeof URL&&(d.wp=d.wp||{},d.wp.receiveEmbedMessage||(d.wp.receiveEmbedMessage=function(e){var t=e.data;if((t||t.secret||t.message||t.value)&&!\/[^a-zA-Z0-9]\/.test(t.secret)){for(var s,r,n,a=l.querySelectorAll('iframe[data-secret=\"'+t.secret+'\"]'),o=l.querySelectorAll('blockquote[data-secret=\"'+t.secret+'\"]'),c=new RegExp(\"^https?:$\",\"i\"),i=0;i<o.length;i++)o[i].style.display=\"none\";for(i=0;i<a.length;i++)s=a[i],e.source===s.contentWindow&&(s.removeAttribute(\"style\"),\"height\"===t.message?(1e3<(r=parseInt(t.value,10))?r=1e3:~~r<200&&(r=200),s.height=r):\"link\"===t.message&&(r=new URL(s.getAttribute(\"src\")),n=new URL(t.value),c.test(n.protocol))&&n.host===r.host&&l.activeElement===s&&(d.top.location.href=t.value))}},d.addEventListener(\"message\",d.wp.receiveEmbedMessage,!1),l.addEventListener(\"DOMContentLoaded\",function(){for(var e,t,s=l.querySelectorAll(\"iframe.wp-embedded-content\"),r=0;r<s.length;r++)(t=(e=s[r]).getAttribute(\"data-secret\"))||(t=Math.random().toString(36).substring(2,12),e.src+=\"#?secret=\"+t,e.setAttribute(\"data-secret\",t)),e.contentWindow.postMessage({message:\"ready\",secret:t},\"*\")},!1)))}(window,document);\n\/\/# sourceURL=https:\/\/blogs.santosochoa.es\/logrono\/wp-includes\/js\/wp-embed.min.js\n\/* ]]> *\/\n<\/script>\n","description":"Otra mala noticia: el poeta Alberto Ib\u00e1\u00f1ez ha tenido que aplazar su presentaci\u00f3n de ma\u00f1ana por motivos familiares. Le mandamos un abrazo cari\u00f1oso y le dedicamos uno de sus poemas de \u00abRimas a contracorriente\u00bb.\u00c1nimo Alberto. Tercetos asonantados, endecas\u00edlabosy encadenados: \u201ccomo yo\u201d Por fin me atrevo a cubrir tu sendasembrando cada uno de mis versoscomo tallos [&hellip;]","thumbnail_url":"http:\/\/1.bp.blogspot.com\/-DBKZbAfRASE\/T4KgdJJMbvI\/AAAAAAAAALM\/niRBvXkwWWg\/s320\/rimas-a-contracorriente.jpg"}